{"id":1326,"date":"2017-03-27T20:58:40","date_gmt":"2017-03-27T20:58:40","guid":{"rendered":"http:\/\/www.lamantin.hu\/?page_id=1326"},"modified":"2025-06-15T13:29:18","modified_gmt":"2025-06-15T13:29:18","slug":"reszletes-program","status":"publish","type":"page","link":"http:\/\/www.lamantin.hu\/?page_id=1326","title":{"rendered":"Fesztiv\u00e1l"},"content":{"rendered":"\n<p class=\"has-text-align-center\">Az Improvizat\u00edv Zenem\u0171hely bemutatja<\/p>\n\n\n\n<p class=\"has-text-align-center has-medium-font-size\"><strong>25. Lamantin Jazz Fesztiv\u00e1l<\/strong><\/p>\n\n\n\n<p class=\"has-text-align-center\"><strong>2025. j\u00fanius 29 \u2013 j\u00falius 5.<br>Szombathely<\/strong><\/p>\n\n\n\n<p class=\"has-text-align-center has-medium-font-size\"><strong>J\u00daNIUS 29. 20.00 Lamantin Klub (We\u00f6res S\u00e1ndor Sz\u00ednh\u00e1z)<\/strong><\/p>\n\n\n<div class=\"wp-block-image\">\n<figure class=\"aligncenter size-full\"><img loading=\"lazy\" decoding=\"async\" width=\"714\" height=\"555\" src=\"http:\/\/www.lamantin.hu\/wp-content\/uploads\/2024\/01\/Z18_3653-180624-alon-czikafoto-ff.jpg\" alt=\"\" class=\"wp-image-3710\" srcset=\"http:\/\/www.lamantin.hu\/wp-content\/uploads\/2024\/01\/Z18_3653-180624-alon-czikafoto-ff.jpg 714w, http:\/\/www.lamantin.hu\/wp-content\/uploads\/2024\/01\/Z18_3653-180624-alon-czikafoto-ff-400x311.jpg 400w\" sizes=\"(max-width: 714px) 100vw, 714px\" \/><\/figure><\/div>\n\n\n<p class=\"has-text-align-center\">\u25ba&nbsp;<strong>A Lamantin Improviz\u00e1ci\u00f3s T\u00e1bor nyit\u00f3koncertje:<br>bemutatkoznak a tan\u00e1rok<\/strong><\/p>\n\n\n\n<div class=\"wp-block-group is-vertical is-content-justification-center is-nowrap is-layout-flex wp-container-core-group-layout-2 wp-block-group-is-layout-flex\">\n<div class=\"wp-block-group is-layout-constrained wp-block-group-is-layout-constrained\"><div class=\"wp-block-group__inner-container\">\n<p class=\"has-text-align-center\">Lakatos \u00c1gnes \u2013 \u00e9nek<br>Hajdu Kl\u00e1ra \u2013 \u00e9nek<br>Elek Istv\u00e1n \u2013 szaxofon<br>T\u00f3th Viktor \u2013 szaxofon<br>Szal\u00f3ky B\u00e9la \u2013 trombita<br>Friedrich K\u00e1roly &#8211; harsona<br>Gy\u00e1rf\u00e1s Istv\u00e1n \u2013 git\u00e1r<br>Juh\u00e1sz G\u00e1bor \u2013 git\u00e1r<br>M\u00e1rkus Tibor \u2013 zongora<br>Sp\u00e1nyi Emil \u2013 zongora<br>Csuhaj-Barna Tibor \u2013 nagyb\u0151g\u0151<br>Bal\u00f3 Istv\u00e1n \u2013 dob, \u00fct\u0151hangszerek<br>Gy\u00e1rf\u00e1s Attila \u2013 dob, \u00fct\u0151hangszerek<\/p>\n<\/div><\/div>\n<\/div>\n\n\n\n<p class=\"has-text-align-center\">\u00c9s a tan\u00e1rseg\u00e9dek: Osvalda Tibor &#8211; szaxofon, V\u00f6r\u00f6s Zsolt &#8211; basszusgit\u00e1r<\/p>\n\n\n\n<p class=\"has-text-align-center\">\u25ba <strong>Lamantin Jam<\/strong><\/p>\n\n\n\n<p class=\"has-text-align-center has-medium-font-size\"><strong>J\u00daNIUS 30. 19.00 Lamantin Klub (We\u00f6res S\u00e1ndor Sz\u00ednh\u00e1z)<\/strong><\/p>\n\n\n\n<p class=\"has-text-align-center\">\u25ba&nbsp;<strong>El\u0151zenekar<\/strong><\/p>\n\n\n\n<figure class=\"wp-block-image size-large\"><img loading=\"lazy\" decoding=\"async\" width=\"1024\" height=\"683\" src=\"http:\/\/www.lamantin.hu\/wp-content\/uploads\/2025\/05\/DSC00317-1-1024x683.jpg\" alt=\"\" class=\"wp-image-4193\" srcset=\"http:\/\/www.lamantin.hu\/wp-content\/uploads\/2025\/05\/DSC00317-1-1024x683.jpg 1024w, http:\/\/www.lamantin.hu\/wp-content\/uploads\/2025\/05\/DSC00317-1-400x267.jpg 400w, http:\/\/www.lamantin.hu\/wp-content\/uploads\/2025\/05\/DSC00317-1-768x512.jpg 768w, http:\/\/www.lamantin.hu\/wp-content\/uploads\/2025\/05\/DSC00317-1-1536x1024.jpg 1536w, http:\/\/www.lamantin.hu\/wp-content\/uploads\/2025\/05\/DSC00317-1-2048x1365.jpg 2048w\" sizes=\"(max-width: 1024px) 100vw, 1024px\" \/><\/figure>\n\n\n\n<p class=\"has-text-align-center\">\u25ba&nbsp;<strong>N\u00e9gyessy Barnab\u00e1s Quartet<\/strong><\/p>\n\n\n\n<p class=\"has-text-align-center\">N\u00e9gyessy Barnab\u00e1s &#8211; git\u00e1r<br>Bany\u00f3 B\u00e1lint &#8211; billenty\u0171k<br>Barakonyi Br\u00fan\u00f3 &#8211; b\u0151g\u0151<br>F\u00e1bry Adonisz &#8211; dob<\/p>\n\n\n<div class=\"wp-block-image\">\n<figure class=\"aligncenter size-large is-resized\"><img loading=\"lazy\" decoding=\"async\" width=\"683\" height=\"1024\" src=\"https:\/\/www.lamantin.hu\/wp-content\/uploads\/2025\/05\/Piotr_Wojtasik_01_fot._Wojciech_Koszowski-683x1024.jpg\" alt=\"\" class=\"wp-image-4192\" style=\"width:632px;height:auto\" srcset=\"http:\/\/www.lamantin.hu\/wp-content\/uploads\/2025\/05\/Piotr_Wojtasik_01_fot._Wojciech_Koszowski-683x1024.jpg 683w, http:\/\/www.lamantin.hu\/wp-content\/uploads\/2025\/05\/Piotr_Wojtasik_01_fot._Wojciech_Koszowski-267x400.jpg 267w, http:\/\/www.lamantin.hu\/wp-content\/uploads\/2025\/05\/Piotr_Wojtasik_01_fot._Wojciech_Koszowski-768x1152.jpg 768w, http:\/\/www.lamantin.hu\/wp-content\/uploads\/2025\/05\/Piotr_Wojtasik_01_fot._Wojciech_Koszowski-1024x1536.jpg 1024w, http:\/\/www.lamantin.hu\/wp-content\/uploads\/2025\/05\/Piotr_Wojtasik_01_fot._Wojciech_Koszowski-1365x2048.jpg 1365w, http:\/\/www.lamantin.hu\/wp-content\/uploads\/2025\/05\/Piotr_Wojtasik_01_fot._Wojciech_Koszowski-scaled.jpg 1707w\" sizes=\"(max-width: 683px) 100vw, 683px\" \/><\/figure><\/div>\n\n\n<p class=\"has-text-align-center\">\u25ba&nbsp;<strong>Piotr Wojtasik Quintet<\/strong><\/p>\n\n\n\n<div class=\"wp-block-group is-layout-constrained wp-block-group-is-layout-constrained\"><div class=\"wp-block-group__inner-container\">\n<div class=\"wp-block-group is-layout-constrained wp-block-group-is-layout-constrained\"><div class=\"wp-block-group__inner-container\">\n<p class=\"has-text-align-center\">Piotr Wojtasik \u2013 trombita<br>Marcin Kaletka \u2013 szaxofon<br>Micha\u0142 Tokaj \u2013 zongora<br>Micha\u0142 Bara\u0144ski \u2013 nagyb\u0151g\u0151<br>Dawid Fortuna \u2013 dob<\/p>\n<\/div><\/div>\n<\/div><\/div>\n\n\n\n<p class=\"has-text-align-center\">\u25ba&nbsp;<strong>Lamantin Jam<\/strong><\/p>\n\n\n\n<p class=\"has-text-align-center has-medium-font-size\"><strong>J\u00daLIUS 1. 19.30 Lamantin Klub (We\u00f6res S\u00e1ndor Sz\u00ednh\u00e1z)<\/strong><\/p>\n\n\n\n<p class=\"has-text-align-center\">\u25ba <strong>El\u0151zenekar<\/strong><\/p>\n\n\n\n<figure class=\"wp-block-image size-large\"><img loading=\"lazy\" decoding=\"async\" width=\"1024\" height=\"683\" src=\"https:\/\/www.lamantin.hu\/wp-content\/uploads\/2025\/05\/image0-1024x683.jpeg\" alt=\"\" class=\"wp-image-4194\" srcset=\"http:\/\/www.lamantin.hu\/wp-content\/uploads\/2025\/05\/image0-1024x683.jpeg 1024w, http:\/\/www.lamantin.hu\/wp-content\/uploads\/2025\/05\/image0-400x267.jpeg 400w, http:\/\/www.lamantin.hu\/wp-content\/uploads\/2025\/05\/image0-768x512.jpeg 768w, http:\/\/www.lamantin.hu\/wp-content\/uploads\/2025\/05\/image0-1536x1024.jpeg 1536w, http:\/\/www.lamantin.hu\/wp-content\/uploads\/2025\/05\/image0-2048x1365.jpeg 2048w\" sizes=\"(max-width: 1024px) 100vw, 1024px\" \/><\/figure>\n\n\n\n<p class=\"has-text-align-center\">\u25ba <strong>T\u00e1las \u00c1ron Trio<\/strong><\/p>\n\n\n\n<p class=\"has-text-align-center\">T\u00e1las \u00c1ron \u2013 zongora<br>Cs\u00edzi L\u00e1szl\u00f3 \u2013 dob<br>T\u00f3th Istv\u00e1n \u2013 nagyb\u0151g\u0151<\/p>\n\n\n\n<p class=\"has-text-align-center\">\u25ba&nbsp;<strong>Lamantin Jam<\/strong><\/p>\n\n\n\n<p class=\"has-text-align-center has-medium-font-size\"><strong>J\u00daLIUS 2. 19.30 Lamantin Klub (We\u00f6res S\u00e1ndor Sz\u00ednh\u00e1z)<\/strong><\/p>\n\n\n\n<p class=\"has-text-align-center\">\u25ba&nbsp;<strong>El\u0151zenekar<\/strong><\/p>\n\n\n\n<figure class=\"wp-block-image size-large\"><img loading=\"lazy\" decoding=\"async\" width=\"1024\" height=\"1024\" src=\"https:\/\/www.lamantin.hu\/wp-content\/uploads\/2025\/06\/Lamantin_Jazz_Mike_Gotthard_tervek_02_notext-1024x1024.jpg\" alt=\"\" class=\"wp-image-4200\" srcset=\"http:\/\/www.lamantin.hu\/wp-content\/uploads\/2025\/06\/Lamantin_Jazz_Mike_Gotthard_tervek_02_notext-1024x1024.jpg 1024w, http:\/\/www.lamantin.hu\/wp-content\/uploads\/2025\/06\/Lamantin_Jazz_Mike_Gotthard_tervek_02_notext-400x400.jpg 400w, http:\/\/www.lamantin.hu\/wp-content\/uploads\/2025\/06\/Lamantin_Jazz_Mike_Gotthard_tervek_02_notext-150x150.jpg 150w, http:\/\/www.lamantin.hu\/wp-content\/uploads\/2025\/06\/Lamantin_Jazz_Mike_Gotthard_tervek_02_notext-768x768.jpg 768w, http:\/\/www.lamantin.hu\/wp-content\/uploads\/2025\/06\/Lamantin_Jazz_Mike_Gotthard_tervek_02_notext-1536x1536.jpg 1536w, http:\/\/www.lamantin.hu\/wp-content\/uploads\/2025\/06\/Lamantin_Jazz_Mike_Gotthard_tervek_02_notext-2048x2048.jpg 2048w\" sizes=\"(max-width: 1024px) 100vw, 1024px\" \/><\/figure>\n\n\n\n<p class=\"has-text-align-center\">\u25ba&nbsp;<strong>Mike Gotthard feat. Borlai Gerg\u0151, Gudics Martin, Tempfli Erik<\/strong><\/p>\n\n\n\n<p class=\"has-text-align-center\">Gotthard Mike &#8211; git\u00e1r<br>Borlai Gerg\u0151 &#8211; dob<br>Tempfli Erik &#8211; billenty\u0171k<br>Gudics Martin &#8211; basszusgit\u00e1r<\/p>\n\n\n\n<p class=\"has-text-align-center\">\u25ba&nbsp;<strong>Lamantin Jam<\/strong><\/p>\n\n\n\n<p class=\"has-text-align-center has-medium-font-size\"><strong>J\u00daLIUS 3. 19.30 Lamantin Klub (We\u00f6res S\u00e1ndor Sz\u00ednh\u00e1z)<\/strong><\/p>\n\n\n\n<p class=\"has-text-align-center\">\u25ba&nbsp;<strong>El\u0151zenekar<\/strong><\/p>\n\n\n\n<figure class=\"wp-block-image size-large\"><img loading=\"lazy\" decoding=\"async\" width=\"1024\" height=\"684\" src=\"https:\/\/www.lamantin.hu\/wp-content\/uploads\/2025\/05\/juhasz_gabor_250218_592-1024x684.jpg\" alt=\"\" class=\"wp-image-4195\" srcset=\"http:\/\/www.lamantin.hu\/wp-content\/uploads\/2025\/05\/juhasz_gabor_250218_592-1024x684.jpg 1024w, http:\/\/www.lamantin.hu\/wp-content\/uploads\/2025\/05\/juhasz_gabor_250218_592-400x267.jpg 400w, http:\/\/www.lamantin.hu\/wp-content\/uploads\/2025\/05\/juhasz_gabor_250218_592-768x513.jpg 768w, http:\/\/www.lamantin.hu\/wp-content\/uploads\/2025\/05\/juhasz_gabor_250218_592-1536x1026.jpg 1536w, http:\/\/www.lamantin.hu\/wp-content\/uploads\/2025\/05\/juhasz_gabor_250218_592-2048x1367.jpg 2048w\" sizes=\"(max-width: 1024px) 100vw, 1024px\" \/><\/figure>\n\n\n\n<p class=\"has-text-align-center\">\u25ba&nbsp;<strong>Juh\u00e1sz G\u00e1bor tri\u00f3&nbsp; feat. Holl\u00f3 Aur\u00e9l<\/strong><\/p>\n\n\n\n<p class=\"has-text-align-center\">Holl\u00f3 Aur\u00e9l &#8211; vibrafon<br>Juh\u00e1sz G\u00e1bor &#8211; git\u00e1r<br>Kov\u00e1cs Zolt\u00e1n &#8211; nagyb\u0151g\u0151<br>Jeszenszky Gy\u00f6rgy \u2013 dob<\/p>\n\n\n\n<p class=\"has-text-align-center\">\u25ba&nbsp;<strong>Lamantin Jam<\/strong><\/p>\n\n\n\n<p class=\"has-text-align-center has-medium-font-size\"><strong>J\u00daLIUS 4. 19.00 Lamantin Klub (We\u00f6res S\u00e1ndor Sz\u00ednh\u00e1z)<\/strong><\/p>\n\n\n\n<p class=\"has-text-align-center\"><strong>BLUES NAP<\/strong><\/p>\n\n\n\n<p class=\"has-text-align-center\">\u25ba&nbsp;<strong>El\u0151zenekar<\/strong><\/p>\n\n\n\n<figure class=\"wp-block-image size-large\"><img loading=\"lazy\" decoding=\"async\" width=\"1024\" height=\"858\" src=\"http:\/\/www.lamantin.hu\/wp-content\/uploads\/2025\/06\/LITTLE-G-WEEVIL-HIS-BAND-2-1024x858.png\" alt=\"\" class=\"wp-image-4201\" srcset=\"http:\/\/www.lamantin.hu\/wp-content\/uploads\/2025\/06\/LITTLE-G-WEEVIL-HIS-BAND-2-1024x858.png 1024w, http:\/\/www.lamantin.hu\/wp-content\/uploads\/2025\/06\/LITTLE-G-WEEVIL-HIS-BAND-2-400x335.png 400w, http:\/\/www.lamantin.hu\/wp-content\/uploads\/2025\/06\/LITTLE-G-WEEVIL-HIS-BAND-2-768x644.png 768w, http:\/\/www.lamantin.hu\/wp-content\/uploads\/2025\/06\/LITTLE-G-WEEVIL-HIS-BAND-2-1536x1288.png 1536w, http:\/\/www.lamantin.hu\/wp-content\/uploads\/2025\/06\/LITTLE-G-WEEVIL-HIS-BAND-2-2048x1717.png 2048w\" sizes=\"(max-width: 1024px) 100vw, 1024px\" \/><\/figure>\n\n\n\n<p class=\"has-text-align-center\"><strong>\u25ba <strong><strong>Little G Weevil &amp; His Band<\/strong><\/strong><\/strong><\/p>\n\n\n\n<p class=\"has-text-align-center\">Little G Weevil &#8211; \u00e9nek, git\u00e1rok<br>K. C. Brown &#8211; sz\u00e1jharmonika<br>Mr. Jambalaya &#8211; zongora<br>Varga L\u00e1szl\u00f3 &#8211; basszusgit\u00e1r<br>Szab\u00f3 Tam\u00e1s &#8211; dobok<\/p>\n\n\n\n<figure class=\"wp-block-image size-large\"><img loading=\"lazy\" decoding=\"async\" width=\"1024\" height=\"744\" src=\"http:\/\/www.lamantin.hu\/wp-content\/uploads\/2025\/06\/Fekete-Jeno-1024x744.jpg\" alt=\"\" class=\"wp-image-4203\" srcset=\"http:\/\/www.lamantin.hu\/wp-content\/uploads\/2025\/06\/Fekete-Jeno-1024x744.jpg 1024w, http:\/\/www.lamantin.hu\/wp-content\/uploads\/2025\/06\/Fekete-Jeno-400x291.jpg 400w, http:\/\/www.lamantin.hu\/wp-content\/uploads\/2025\/06\/Fekete-Jeno-768x558.jpg 768w, http:\/\/www.lamantin.hu\/wp-content\/uploads\/2025\/06\/Fekete-Jeno-1536x1116.jpg 1536w, http:\/\/www.lamantin.hu\/wp-content\/uploads\/2025\/06\/Fekete-Jeno.jpg 1600w\" sizes=\"(max-width: 1024px) 100vw, 1024px\" \/><\/figure>\n\n\n\n<p class=\"has-text-align-center\"><strong>\u25ba Fekete Jen\u0151 \u00e9s a Banda<\/strong><\/p>\n\n\n\n<p class=\"has-text-align-center\">Fekete Jen\u0151 &#8211; git\u00e1r, \u00e9nek<br>Bacsa Gyula &#8211; zongora<br>Tomor Barna &#8211; basszusgit\u00e1r<br>M\u00f3r\u00e9 Attila \u2013 dob<\/p>\n\n\n\n<p class=\"has-text-align-center\">\u25ba&nbsp;<strong>Lamantin Jam<\/strong><\/p>\n\n\n\n<p class=\"has-text-align-center has-medium-font-size\"><strong>J\u00daLIUS 5. 13.00 Lamantin Klub (We\u00f6res S\u00e1ndor Sz\u00ednh\u00e1z)<\/strong><\/p>\n\n\n<div class=\"wp-block-image\">\n<figure class=\"aligncenter size-full\"><img loading=\"lazy\" decoding=\"async\" width=\"1000\" height=\"670\" src=\"http:\/\/www.lamantin.hu\/wp-content\/uploads\/2024\/04\/Z19_8313-190629czikafoto.jpg\" alt=\"\" class=\"wp-image-3795\" srcset=\"http:\/\/www.lamantin.hu\/wp-content\/uploads\/2024\/04\/Z19_8313-190629czikafoto.jpg 1000w, http:\/\/www.lamantin.hu\/wp-content\/uploads\/2024\/04\/Z19_8313-190629czikafoto-400x268.jpg 400w, http:\/\/www.lamantin.hu\/wp-content\/uploads\/2024\/04\/Z19_8313-190629czikafoto-768x515.jpg 768w\" sizes=\"(max-width: 1000px) 100vw, 1000px\" \/><\/figure><\/div>\n\n\n<p class=\"has-text-align-center\">\u25ba&nbsp;<strong>A Lamantin Improviz\u00e1ci\u00f3s T\u00e1bor z\u00e1r\u00f3koncertje: bemutatkoznak a di\u00e1kok<\/strong><\/p>\n","protected":false},"excerpt":{"rendered":"<p>Az Improvizat\u00edv Zenem\u0171hely bemutatja 25. Lamantin Jazz Fesztiv\u00e1l 2025. j\u00fanius 29 \u2013 j\u00falius 5.Szombathely J\u00daNIUS 29. 20.00 Lamantin Klub (We\u00f6res S\u00e1ndor Sz\u00ednh\u00e1z) \u25ba&nbsp;A Lamantin Improviz\u00e1ci\u00f3s T\u00e1bor nyit\u00f3koncertje:bemutatkoznak a tan\u00e1rok Lakatos&#8230;<\/p>\n","protected":false},"author":1,"featured_media":0,"parent":1320,"menu_order":0,"comment_status":"closed","ping_status":"closed","template":"","meta":{"footnotes":""},"_links":{"self":[{"href":"http:\/\/www.lamantin.hu\/index.php?rest_route=\/wp\/v2\/pages\/1326"}],"collection":[{"href":"http:\/\/www.lamantin.hu\/index.php?rest_route=\/wp\/v2\/pages"}],"about":[{"href":"http:\/\/www.lamantin.hu\/index.php?rest_route=\/wp\/v2\/types\/page"}],"author":[{"embeddable":true,"href":"http:\/\/www.lamantin.hu\/index.php?rest_route=\/wp\/v2\/users\/1"}],"replies":[{"embeddable":true,"href":"http:\/\/www.lamantin.hu\/index.php?rest_route=%2Fwp%2Fv2%2Fcomments&post=1326"}],"version-history":[{"count":132,"href":"http:\/\/www.lamantin.hu\/index.php?rest_route=\/wp\/v2\/pages\/1326\/revisions"}],"predecessor-version":[{"id":4238,"href":"http:\/\/www.lamantin.hu\/index.php?rest_route=\/wp\/v2\/pages\/1326\/revisions\/4238"}],"up":[{"embeddable":true,"href":"http:\/\/www.lamantin.hu\/index.php?rest_route=\/wp\/v2\/pages\/1320"}],"wp:attachment":[{"href":"http:\/\/www.lamantin.hu\/index.php?rest_route=%2Fwp%2Fv2%2Fmedia&parent=1326"}],"curies":[{"name":"wp","href":"https:\/\/api.w.org\/{rel}","templated":true}]}}