{"id":3350,"date":"2023-04-03T06:09:58","date_gmt":"2023-04-03T06:09:58","guid":{"rendered":"http:\/\/www.lamantin.hu\/?page_id=3350"},"modified":"2023-04-03T06:09:58","modified_gmt":"2023-04-03T06:09:58","slug":"3350-2","status":"publish","type":"page","link":"http:\/\/www.lamantin.hu\/?page_id=3350","title":{"rendered":""},"content":{"rendered":"\n<h3 class=\"has-text-align-center wp-block-heading\">Az Improvizat\u00edv Zenem\u0171hely bemutatja<\/h3>\n\n\n\n<h1 class=\"has-text-align-center wp-block-heading\"><mark style=\"background-color:rgba(0, 0, 0, 0)\" class=\"has-inline-color has-luminous-vivid-orange-color\">22. Lamantin Jazz Fesztiv\u00e1l<\/mark><\/h1>\n\n\n\n<h2 class=\"has-text-align-center wp-block-heading\">2022. j\u00fanius 26 &#8211; j\u00falius 2.<br>Szombathely<\/h2>\n\n\n\n<h2 class=\"has-text-align-center wp-block-heading\">J\u00daNIUS 26. 20.00 Lamantin Klub (We\u00f6res S\u00e1ndor Sz\u00ednh\u00e1z)<\/h2>\n\n\n<div class=\"wp-block-image\">\n<figure class=\"alignright size-full is-resized\"><img loading=\"lazy\" decoding=\"async\" src=\"http:\/\/www.lamantin.hu\/wp-content\/uploads\/2022\/06\/Z18_3653-180624-alon-czikafoto-ff.jpg\" alt=\"\" class=\"wp-image-3171\" width=\"499\" height=\"388\" srcset=\"http:\/\/www.lamantin.hu\/wp-content\/uploads\/2022\/06\/Z18_3653-180624-alon-czikafoto-ff.jpg 714w, http:\/\/www.lamantin.hu\/wp-content\/uploads\/2022\/06\/Z18_3653-180624-alon-czikafoto-ff-400x311.jpg 400w\" sizes=\"(max-width: 499px) 100vw, 499px\" \/><\/figure><\/div>\n\n\n<p class=\"has-text-align-right\"><strong><mark style=\"background-color:rgba(0, 0, 0, 0)\" class=\"has-inline-color has-luminous-vivid-orange-color\">A Lamantin Improviz\u00e1ci\u00f3s T\u00e1bor nyit\u00f3koncertje:<\/mark><\/strong><br><strong><mark style=\"background-color:rgba(0, 0, 0, 0)\" class=\"has-inline-color has-luminous-vivid-orange-color\">bemutatkoznak a tan\u00e1rok<\/mark><\/strong><br>Lakatos \u00c1gnes &#8211; \u00e9nek<br>Hajdu Kl\u00e1ra &#8211; \u00e9nek<br>T\u00f3th Viktor &#8211; szaxofon<br>Zana Zolt\u00e1n &#8211; szaxofon<br>Friedrich K\u00e1roly &#8211; harsona<br>Gy\u00e1rf\u00e1s Istv\u00e1n &#8211; git\u00e1r<br>Juh\u00e1sz G\u00e1bor &#8211; git\u00e1r<br>M\u00e1rkus Tibor &#8211; zongora<br>Sp\u00e1nyi Emil &#8211; zongora<br>Csuhaj-Barna Tibor &#8211; nagyb\u0151g\u0151<br>Nesztor Iv\u00e1n &#8211; dob. \u00fct\u0151hangszerek<br>Jeszenszky Gy\u00f6rgy &#8211; dob, \u00fct\u0151hangszerek<\/p>\n\n\n\n<p class=\"has-text-align-right\"><strong><mark style=\"background-color:rgba(0, 0, 0, 0)\" class=\"has-inline-color has-luminous-vivid-orange-color\">Lamantin Jam<\/mark><\/strong><\/p>\n\n\n\n<h2 class=\"has-text-align-center wp-block-heading\">J\u00daNIUS 27. 19.30 Lamantin Klub (We\u00f6res S\u00e1ndor Sz\u00ednh\u00e1z)<\/h2>\n\n\n<div class=\"wp-block-image\">\n<figure class=\"alignleft size-large is-resized\"><img loading=\"lazy\" decoding=\"async\" src=\"http:\/\/www.lamantin.hu\/wp-content\/uploads\/2022\/06\/Dresch2-1024x684.jpg\" alt=\"\" class=\"wp-image-3172\" width=\"499\" height=\"333\" srcset=\"http:\/\/www.lamantin.hu\/wp-content\/uploads\/2022\/06\/Dresch2-1024x684.jpg 1024w, http:\/\/www.lamantin.hu\/wp-content\/uploads\/2022\/06\/Dresch2-400x267.jpg 400w, http:\/\/www.lamantin.hu\/wp-content\/uploads\/2022\/06\/Dresch2-768x513.jpg 768w, http:\/\/www.lamantin.hu\/wp-content\/uploads\/2022\/06\/Dresch2.jpg 1444w\" sizes=\"(max-width: 499px) 100vw, 499px\" \/><\/figure><\/div>\n\n\n<p class=\"has-text-align-left\"><strong><mark style=\"background-color:rgba(0, 0, 0, 0)\" class=\"has-inline-color has-luminous-vivid-orange-color\">El\u0151zenekar<\/mark><\/strong><\/p>\n\n\n\n<p class=\"has-text-align-left\"><strong><mark style=\"background-color:rgba(0, 0, 0, 0)\" class=\"has-inline-color has-luminous-vivid-orange-color\">Dresch Quartet<\/mark><\/strong><br>Dresch Mih\u00e1ly &#8211; szaxofon<br>Luk\u00e1cs Mikl\u00f3s &#8211; cimbalom<br>Gy\u00e1nyi Marcell &#8211; nagyb\u0151g\u0151<br>Cs\u00edzi L\u00e1szl\u00f3 &#8211; dob<\/p>\n\n\n\n<p class=\"has-text-align-left\"><strong><mark style=\"background-color:rgba(0, 0, 0, 0)\" class=\"has-inline-color has-luminous-vivid-orange-color\">Lamantin Jam<\/mark><\/strong><\/p>\n\n\n\n<h2 class=\"has-text-align-center wp-block-heading\">J\u00daNIUS 28. 19.30 Lamantin Klub (We\u00f6res S\u00e1ndor Sz\u00ednh\u00e1z)<\/h2>\n\n\n<div class=\"wp-block-image\">\n<figure class=\"alignright size-large is-resized\"><img loading=\"lazy\" decoding=\"async\" src=\"http:\/\/www.lamantin.hu\/wp-content\/uploads\/2022\/06\/Enrico_outdoors_crop-927x1024.jpg\" alt=\"\" class=\"wp-image-3173\" width=\"369\" height=\"408\" srcset=\"http:\/\/www.lamantin.hu\/wp-content\/uploads\/2022\/06\/Enrico_outdoors_crop-927x1024.jpg 927w, http:\/\/www.lamantin.hu\/wp-content\/uploads\/2022\/06\/Enrico_outdoors_crop-362x400.jpg 362w, http:\/\/www.lamantin.hu\/wp-content\/uploads\/2022\/06\/Enrico_outdoors_crop-768x849.jpg 768w, http:\/\/www.lamantin.hu\/wp-content\/uploads\/2022\/06\/Enrico_outdoors_crop-1390x1536.jpg 1390w, http:\/\/www.lamantin.hu\/wp-content\/uploads\/2022\/06\/Enrico_outdoors_crop.jpg 1793w\" sizes=\"(max-width: 369px) 100vw, 369px\" \/><\/figure><\/div>\n\n\n<p class=\"has-text-align-right\"><strong><mark style=\"background-color:rgba(0, 0, 0, 0)\" class=\"has-inline-color has-vivid-red-color\">BLUES NAP<\/mark><\/strong><\/p>\n\n\n\n<p class=\"has-text-align-right\"><strong><mark style=\"background-color:rgba(0, 0, 0, 0)\" class=\"has-inline-color has-luminous-vivid-orange-color\">El\u0151zenekar<\/mark><\/strong><\/p>\n\n\n\n<p class=\"has-text-align-right\"><mark style=\"background-color:rgba(0, 0, 0, 0)\" class=\"has-inline-color has-luminous-vivid-orange-color\"><strong>Enrico Crivellaro Blues Band (I)<\/strong><\/mark><br>Enrico Crivellaro \u2013 git\u00e1r, bariton git\u00e1r<br>Pietro Taucher \u2013 zongora, MAG orgona<br>Simone Serafini \u2013 basszusgit\u00e1r<br>Carmine Bloisi \u2013 dob<\/p>\n\n\n\n<p class=\"has-text-align-right\"><strong><mark style=\"background-color:rgba(0, 0, 0, 0)\" class=\"has-inline-color has-luminous-vivid-orange-color\">Lamantin Jam<\/mark><\/strong><\/p>\n\n\n\n<h2 class=\"has-text-align-center wp-block-heading\">J\u00daNIUS 29. 19.30 Lamantin Klub (We\u00f6res S\u00e1ndor Sz\u00ednh\u00e1z)<\/h2>\n\n\n<div class=\"wp-block-image\">\n<figure class=\"alignleft size-large is-resized\"><img loading=\"lazy\" decoding=\"async\" src=\"http:\/\/www.lamantin.hu\/wp-content\/uploads\/2022\/06\/MagyarJazz5-1024x438.jpg\" alt=\"\" class=\"wp-image-3174\" width=\"633\" height=\"270\" srcset=\"http:\/\/www.lamantin.hu\/wp-content\/uploads\/2022\/06\/MagyarJazz5-1024x438.jpg 1024w, http:\/\/www.lamantin.hu\/wp-content\/uploads\/2022\/06\/MagyarJazz5-400x171.jpg 400w, http:\/\/www.lamantin.hu\/wp-content\/uploads\/2022\/06\/MagyarJazz5-768x329.jpg 768w, http:\/\/www.lamantin.hu\/wp-content\/uploads\/2022\/06\/MagyarJazz5-1536x657.jpg 1536w, http:\/\/www.lamantin.hu\/wp-content\/uploads\/2022\/06\/MagyarJazz5-2048x876.jpg 2048w\" sizes=\"(max-width: 633px) 100vw, 633px\" \/><\/figure><\/div>\n\n\n<p><strong><mark style=\"background-color:rgba(0, 0, 0, 0)\" class=\"has-inline-color has-luminous-vivid-orange-color\">El\u0151zenekar<\/mark><\/strong><\/p>\n\n\n\n<p><strong><mark style=\"background-color:rgba(0, 0, 0, 0)\" class=\"has-inline-color has-luminous-vivid-orange-color\">Magyar Jazz Quintet<\/mark><\/strong><br>Szakcsi Lakatos B\u00e9la \u2013 Fender Rhodes, billenty\u0171k<br>Fekete-Kov\u00e1cs Korn\u00e9l \u2013 trombita<br>Fenyvesi M\u00e1rton \u2013 git\u00e1r<br>Orb\u00e1n Gy\u00f6rgy \u2013 b\u0151g\u0151<br>K\u0151szegi Imre \u2013 dob<\/p>\n\n\n\n<p><strong><mark style=\"background-color:rgba(0, 0, 0, 0)\" class=\"has-inline-color has-luminous-vivid-orange-color\">Lamantin Jam<\/mark><\/strong><\/p>\n\n\n\n<h2 class=\"has-text-align-center wp-block-heading\">J\u00daNIUS 30. 19.00 Lamantin Klub (We\u00f6res S\u00e1ndor Sz\u00ednh\u00e1z)<\/h2>\n\n\n<div class=\"wp-block-image\">\n<figure class=\"alignright size-large is-resized\"><img loading=\"lazy\" decoding=\"async\" src=\"http:\/\/www.lamantin.hu\/wp-content\/uploads\/2022\/06\/damjan-gyafiek2-1024x340.jpg\" alt=\"\" class=\"wp-image-3182\" width=\"835\" height=\"274\"\/><\/figure><\/div>\n\n\n<p class=\"has-text-align-right\"><strong><mark style=\"background-color:rgba(0, 0, 0, 0)\" class=\"has-inline-color has-luminous-vivid-orange-color\">Ocsovay<\/mark> <mark style=\"background-color:rgba(0, 0, 0, 0)\" class=\"has-inline-color has-luminous-vivid-orange-color\">Damj\u00e1n Quartet<\/mark><\/strong><br>Ocsovay Damj\u00e1n &#8211; \u00e9nek<br>Lud\u00e1nyi Tam\u00e1s &#8211; szaxofon<br>T\u00f3th Istv\u00e1n &#8211; git\u00e1r<br>Ol\u00e1h Zolt\u00e1n &#8211; nagyb\u0151g\u0151<\/p>\n\n\n\n<p class=\"has-text-align-right\"><strong><mark style=\"background-color:rgba(0, 0, 0, 0)\" class=\"has-inline-color has-luminous-vivid-orange-color\">Gy\u00e1rf\u00e1s-Premecz Organ Trio<\/mark><\/strong><br>Gy\u00e1rf\u00e1s Istv\u00e1n &#8211; git\u00e1r<br>Premecz M\u00e1ty\u00e1s &#8211; hammond orgona<br>Jeszenszky Gy\u00f6rgy &#8211; dob<\/p>\n\n\n\n<p class=\"has-text-align-right\"><strong><mark style=\"background-color:rgba(0, 0, 0, 0)\" class=\"has-inline-color has-luminous-vivid-orange-color\">Lamantin Jam<\/mark><\/strong><\/p>\n\n\n\n<h2 class=\"has-text-align-center wp-block-heading\">J\u00daLIUS 1. 19.30 Lamantin Klub (We\u00f6res S\u00e1ndor Sz\u00ednh\u00e1z)<\/h2>\n\n\n<div class=\"wp-block-image\">\n<figure class=\"alignleft size-full is-resized\"><img loading=\"lazy\" decoding=\"async\" src=\"http:\/\/www.lamantin.hu\/wp-content\/uploads\/2022\/06\/swiss-army-triplet.jpg\" alt=\"\" class=\"wp-image-3177\" width=\"506\" height=\"285\" srcset=\"http:\/\/www.lamantin.hu\/wp-content\/uploads\/2022\/06\/swiss-army-triplet.jpg 720w, http:\/\/www.lamantin.hu\/wp-content\/uploads\/2022\/06\/swiss-army-triplet-400x225.jpg 400w\" sizes=\"(max-width: 506px) 100vw, 506px\" \/><\/figure><\/div>\n\n\n<p><strong><mark style=\"background-color:rgba(0, 0, 0, 0)\" class=\"has-inline-color has-luminous-vivid-orange-color\">El\u0151zenekar<\/mark><\/strong><\/p>\n\n\n\n<p><strong><mark style=\"background-color:rgba(0, 0, 0, 0)\" class=\"has-inline-color has-luminous-vivid-orange-color\">Swiss Army Triplet (CH-H)<\/mark><\/strong><br>Sp\u00e1nyi Emil &#8211; zongora<br>Jean-Pierre Schaller &#8211; basszusgit\u00e1r<br>Cyril Regamey &#8211; dob <\/p>\n\n\n\n<p><strong><mark style=\"background-color:rgba(0, 0, 0, 0)\" class=\"has-inline-color has-luminous-vivid-orange-color\">Lamantin Jam<\/mark><\/strong><\/p>\n\n\n\n<h2 class=\"has-text-align-center wp-block-heading\">J\u00daLIUS 2. 14.00 We\u00f6res S\u00e1ndor Sz\u00ednh\u00e1z &#8211; M\u00e1rkus Em\u00edlia Terem<\/h2>\n\n\n<div class=\"wp-block-image\">\n<figure class=\"alignright size-full is-resized\"><img loading=\"lazy\" decoding=\"async\" src=\"http:\/\/www.lamantin.hu\/wp-content\/uploads\/2022\/06\/Z19_8313-190629czikafoto.jpg\" alt=\"\" class=\"wp-image-3178\" width=\"501\" height=\"335\" srcset=\"http:\/\/www.lamantin.hu\/wp-content\/uploads\/2022\/06\/Z19_8313-190629czikafoto.jpg 1000w, http:\/\/www.lamantin.hu\/wp-content\/uploads\/2022\/06\/Z19_8313-190629czikafoto-400x268.jpg 400w, http:\/\/www.lamantin.hu\/wp-content\/uploads\/2022\/06\/Z19_8313-190629czikafoto-768x515.jpg 768w\" sizes=\"(max-width: 501px) 100vw, 501px\" \/><\/figure><\/div>\n\n\n<p class=\"has-text-align-right\"><strong><mark style=\"background-color:rgba(0, 0, 0, 0)\" class=\"has-inline-color has-luminous-vivid-orange-color\"><strong><mark style=\"background-color:rgba(0, 0, 0, 0)\" class=\"has-inline-color has-luminous-vivid-orange-color\">A Lamantin Improviz\u00e1ci\u00f3s T\u00e1bor z\u00e1r\u00f3koncertje:<\/mark><\/strong><\/mark><\/strong><br><strong><mark style=\"background-color:rgba(0, 0, 0, 0)\" class=\"has-inline-color has-luminous-vivid-orange-color\"><strong><mark style=\"background-color:rgba(0, 0, 0, 0)\" class=\"has-inline-color has-luminous-vivid-orange-color\">bemutatkoznak a<\/mark><\/strong> di\u00e1kok<\/mark><\/strong><\/p>\n\n\n\n<p class=\"has-text-align-center\"><\/p>\n","protected":false},"excerpt":{"rendered":"<p>Az Improvizat\u00edv Zenem\u0171hely bemutatja 22. Lamantin Jazz Fesztiv\u00e1l 2022. j\u00fanius 26 &#8211; j\u00falius 2.Szombathely J\u00daNIUS 26. 20.00 Lamantin Klub (We\u00f6res S\u00e1ndor Sz\u00ednh\u00e1z) A Lamantin Improviz\u00e1ci\u00f3s T\u00e1bor nyit\u00f3koncertje:bemutatkoznak a tan\u00e1rokLakatos \u00c1gnes&#8230;<\/p>\n","protected":false},"author":2,"featured_media":0,"parent":0,"menu_order":0,"comment_status":"closed","ping_status":"closed","template":"","meta":{"footnotes":""},"_links":{"self":[{"href":"http:\/\/www.lamantin.hu\/index.php?rest_route=\/wp\/v2\/pages\/3350"}],"collection":[{"href":"http:\/\/www.lamantin.hu\/index.php?rest_route=\/wp\/v2\/pages"}],"about":[{"href":"http:\/\/www.lamantin.hu\/index.php?rest_route=\/wp\/v2\/types\/page"}],"author":[{"embeddable":true,"href":"http:\/\/www.lamantin.hu\/index.php?rest_route=\/wp\/v2\/users\/2"}],"replies":[{"embeddable":true,"href":"http:\/\/www.lamantin.hu\/index.php?rest_route=%2Fwp%2Fv2%2Fcomments&post=3350"}],"version-history":[{"count":1,"href":"http:\/\/www.lamantin.hu\/index.php?rest_route=\/wp\/v2\/pages\/3350\/revisions"}],"predecessor-version":[{"id":3354,"href":"http:\/\/www.lamantin.hu\/index.php?rest_route=\/wp\/v2\/pages\/3350\/revisions\/3354"}],"wp:attachment":[{"href":"http:\/\/www.lamantin.hu\/index.php?rest_route=%2Fwp%2Fv2%2Fmedia&parent=3350"}],"curies":[{"name":"wp","href":"https:\/\/api.w.org\/{rel}","templated":true}]}}